{"id":2290,"date":"2025-08-18T09:34:01","date_gmt":"2025-08-18T09:34:01","guid":{"rendered":"https:\/\/thehandlebar.biz\/bikefitting\/"},"modified":"2025-08-18T09:34:01","modified_gmt":"2025-08-18T09:34:01","slug":"bikefitting","status":"publish","type":"page","link":"https:\/\/thehandlebar.biz\/de\/bikefitting\/","title":{"rendered":"Bikefitting"},"content":{"rendered":"[et_pb_section admin_label=&#8221;section&#8221;]\n\t\t\t[et_pb_row admin_label=&#8221;row&#8221;]\n\t\t\t\t[et_pb_column type=&#8221;4_4&#8243;][et_pb_text admin_label=&#8221;Text&#8221;]\n<div class=\"wp-block-group alignfull has-background-background-color has-background is-layout-constrained wp-container-core-group-is-layout-392eb801 wp-block-group-is-layout-constrained\" style=\"margin-top:0;margin-bottom:0;padding-top:var(--wp--preset--spacing--60);padding-right:var(--wp--preset--spacing--30);padding-bottom:var(--wp--preset--spacing--60);padding-left:var(--wp--preset--spacing--30)\">\n<div class=\"wp-block-group alignwide is-vertical is-layout-flex wp-container-core-group-is-layout-8cf370e7 wp-block-group-is-layout-flex\">\n<div class=\"wp-block-group is-layout-constrained wp-block-group-is-layout-constrained\">\n<h2 class=\"wp-block-heading has-large-font-size\">Professionelle Bikefitting-L\u00f6sungen<\/h2>\n\n\n\n<p style=\"margin-top:16px\">Entdecken Sie unsere umfassenden Bikefitting-Services, die pr\u00e4zise und sorgf\u00e4ltig darauf ausgelegt sind, Ihren Komfort, Ihre Effizienz und Ihre Radfahrleistung zu verbessern.<\/p>\n<\/div>\n<\/div>\n\n\n\n<div class=\"wp-block-columns alignwide are-vertically-aligned-top is-layout-flex wp-container-core-columns-is-layout-bd0aba32 wp-block-columns-is-layout-flex\">\n<div class=\"wp-block-column is-vertically-aligned-top is-layout-flow wp-block-column-is-layout-flow\">\n<div class=\"wp-block-group is-layout-constrained wp-block-group-is-layout-constrained\">\n<h3 class=\"wp-block-heading\" style=\"font-size:20px;line-height:1.5\">Individuelle Radeinstellung<\/h3>\n\n\n\n<p class=\"has-small-font-size\" style=\"margin-top:8px\">Personalisierte Anpassungen, um Ihr Fahrrad perfekt auf Ihren K\u00f6rper und Fahrstil abzustimmen und so maximalen Komfort zu gew\u00e4hrleisten.<\/p>\n<\/div>\n\n\n\n<div class=\"wp-block-group is-layout-constrained wp-block-group-is-layout-constrained\">\n<h3 class=\"wp-block-heading\" style=\"font-size:20px;line-height:1.5\">Haltungsanalyse<\/h3>\n\n\n\n<p class=\"has-small-font-size\" style=\"margin-top:8px\">Detaillierte Analyse Ihrer Fahrhaltung zur Verbesserung der Ausdauer und zur Vermeidung von Beschwerden w\u00e4hrend der Fahrt.<\/p>\n<\/div>\n\n\n\n<div class=\"wp-block-group is-layout-constrained wp-block-group-is-layout-constrained\">\n<h3 class=\"wp-block-heading\" style=\"font-size:20px;line-height:1.5\">Leistungsoptimierung<\/h3>\n\n\n\n<p class=\"has-small-font-size\" style=\"margin-top:8px\">Feinabstimmung der Radeinstellung zur Steigerung der Effizienz und Leistungsabgabe in allen Radsportdisziplinen.<\/p>\n<\/div>\n<\/div>\n\n\n\n<div class=\"wp-block-column is-vertically-aligned-top is-layout-flow wp-block-column-is-layout-flow\">\n<figure class=\"wp-block-image ext-aspect-landscape\"><img loading=\"lazy\" decoding=\"async\" width=\"1440\" height=\"960\" class=\"wp-image-1253\" src=\"https:\/\/thehandlebar.biz\/wp-content\/uploads\/2025\/10\/a048e7020e700e7152ae977d4fd000588a3951dd.jpg\" alt=\"\" style=\"aspect-ratio:4\/3;object-fit:cover\" srcset=\"https:\/\/thehandlebar.biz\/wp-content\/uploads\/2025\/10\/a048e7020e700e7152ae977d4fd000588a3951dd.jpg 1440w, https:\/\/thehandlebar.biz\/wp-content\/uploads\/2025\/10\/a048e7020e700e7152ae977d4fd000588a3951dd-1280x853.jpg 1280w, https:\/\/thehandlebar.biz\/wp-content\/uploads\/2025\/10\/a048e7020e700e7152ae977d4fd000588a3951dd-980x653.jpg 980w, https:\/\/thehandlebar.biz\/wp-content\/uploads\/2025\/10\/a048e7020e700e7152ae977d4fd000588a3951dd-480x320.jpg 480w\" sizes=\"(min-width: 0px) and (max-width: 480px) 480px, (min-width: 481px) and (max-width: 980px) 980px, (min-width: 981px) and (max-width: 1280px) 1280px, (min-width: 1281px) 1440px, 100vw\" \/><\/figure>\n<\/div>\n<\/div>\n<\/div>\n\n\n\n<div class=\"wp-block-group alignfull has-background-background-color has-background is-layout-constrained wp-container-core-group-is-layout-392eb801 wp-block-group-is-layout-constrained\" style=\"margin-top:0;margin-bottom:0;padding-top:var(--wp--preset--spacing--60);padding-right:var(--wp--preset--spacing--30);padding-bottom:var(--wp--preset--spacing--60);padding-left:var(--wp--preset--spacing--30)\">\n<div class=\"wp-block-group alignwide is-vertical is-layout-flex wp-container-core-group-is-layout-8cf370e7 wp-block-group-is-layout-flex\">\n<div class=\"wp-block-group is-layout-constrained wp-block-group-is-layout-constrained\">\n<h2 class=\"wp-block-heading has-large-font-size\">Professionelle Bikefitting-L\u00f6sungen<\/h2>\n\n\n\n<p style=\"margin-top:16px\">Entdecken Sie unsere umfassenden Bikefitting-Services, die pr\u00e4zise und sorgf\u00e4ltig darauf ausgelegt sind, Ihren Komfort, Ihre Effizienz und Ihre Radfahrleistung zu verbessern.<\/p>\n<\/div>\n<\/div>\n\n\n\n<div class=\"wp-block-columns alignwide are-vertically-aligned-top is-layout-flex wp-container-core-columns-is-layout-bd0aba32 wp-block-columns-is-layout-flex\">\n<div class=\"wp-block-column is-vertically-aligned-top is-layout-flow wp-block-column-is-layout-flow\">\n<div class=\"wp-block-group is-layout-constrained wp-block-group-is-layout-constrained\">\n<h3 class=\"wp-block-heading\" style=\"font-size:20px;line-height:1.5\">Individuelle Radeinstellung<\/h3>\n\n\n\n<p class=\"has-small-font-size\" style=\"margin-top:8px\">Personalisierte Anpassungen, um Ihr Fahrrad perfekt auf Ihren K\u00f6rper und Fahrstil abzustimmen und so maximalen Komfort zu gew\u00e4hrleisten.<\/p>\n<\/div>\n\n\n\n<div class=\"wp-block-group is-layout-constrained wp-block-group-is-layout-constrained\">\n<h3 class=\"wp-block-heading\" style=\"font-size:20px;line-height:1.5\">Haltungsanalyse<\/h3>\n\n\n\n<p class=\"has-small-font-size\" style=\"margin-top:8px\">Detaillierte Analyse Ihrer Fahrhaltung zur Verbesserung der Ausdauer und zur Vermeidung von Beschwerden w\u00e4hrend der Fahrt.<\/p>\n<\/div>\n\n\n\n<div class=\"wp-block-group is-layout-constrained wp-block-group-is-layout-constrained\">\n<h3 class=\"wp-block-heading\" style=\"font-size:20px;line-height:1.5\">Leistungsoptimierung<\/h3>\n\n\n\n<p class=\"has-small-font-size\" style=\"margin-top:8px\">Feinabstimmung der Radeinstellung zur Steigerung der Effizienz und Leistungsabgabe in allen Radsportdisziplinen.<\/p>\n<\/div>\n<\/div>\n\n\n\n<div class=\"wp-block-column is-vertically-aligned-top is-layout-flow wp-block-column-is-layout-flow\">\n<figure class=\"wp-block-image ext-aspect-landscape\"><img loading=\"lazy\" decoding=\"async\" width=\"1440\" height=\"960\" class=\"wp-image-1253\" src=\"https:\/\/thehandlebar.biz\/wp-content\/uploads\/2025\/10\/a048e7020e700e7152ae977d4fd000588a3951dd.jpg\" alt=\"\" style=\"aspect-ratio:4\/3;object-fit:cover\" srcset=\"https:\/\/thehandlebar.biz\/wp-content\/uploads\/2025\/10\/a048e7020e700e7152ae977d4fd000588a3951dd.jpg 1440w, https:\/\/thehandlebar.biz\/wp-content\/uploads\/2025\/10\/a048e7020e700e7152ae977d4fd000588a3951dd-1280x853.jpg 1280w, https:\/\/thehandlebar.biz\/wp-content\/uploads\/2025\/10\/a048e7020e700e7152ae977d4fd000588a3951dd-980x653.jpg 980w, https:\/\/thehandlebar.biz\/wp-content\/uploads\/2025\/10\/a048e7020e700e7152ae977d4fd000588a3951dd-480x320.jpg 480w\" sizes=\"(min-width: 0px) and (max-width: 480px) 480px, (min-width: 481px) and (max-width: 980px) 980px, (min-width: 981px) and (max-width: 1280px) 1280px, (min-width: 1281px) 1440px, 100vw\" \/><\/figure>\n<\/div>\n<\/div>\n<\/div>\n\n\n\n<div class=\"wp-block-group alignfull has-tertiary-background-color has-background is-layout-constrained wp-container-core-group-is-layout-512a02c9 wp-block-group-is-layout-constrained\" style=\"margin-top:0;margin-bottom:0;padding-top:var(--wp--preset--spacing--60);padding-right:var(--wp--preset--spacing--30);padding-bottom:var(--wp--preset--spacing--60);padding-left:var(--wp--preset--spacing--30)\">\n<div class=\"wp-block-group alignwide is-content-justification-center is-layout-constrained wp-block-group-is-layout-constrained\">\n<h2 class=\"wp-block-heading has-text-align-center has-large-font-size\">Steigern Sie Ihre Radfahrleistung durch pr\u00e4zises Bikefitting<\/h2>\n\n\n\n<p class=\"has-text-align-center\" style=\"margin-top:16px\">Erfahren Sie, wie unsere professionellen Bikefitting-Services g\u00e4ngige Beschwerden und Ineffizienzen beheben und jedem Radfahrer eine ma\u00dfgeschneiderte Fahrt erm\u00f6glichen.<\/p>\n<\/div>\n\n\n\n<div class=\"wp-block-group alignwide is-layout-constrained wp-container-core-group-is-layout-27607966 wp-block-group-is-layout-constrained\">\n<figure class=\"wp-block-image\"><img loading=\"lazy\" decoding=\"async\" width=\"1440\" height=\"961\" class=\"wp-image-1254\" src=\"https:\/\/thehandlebar.biz\/wp-content\/uploads\/2025\/10\/137a786207213f1d8ebe71b41c106225633a7dc2.jpg\" alt=\"\" style=\"aspect-ratio:16\/9;object-fit:cover\" srcset=\"https:\/\/thehandlebar.biz\/wp-content\/uploads\/2025\/10\/137a786207213f1d8ebe71b41c106225633a7dc2.jpg 1440w, https:\/\/thehandlebar.biz\/wp-content\/uploads\/2025\/10\/137a786207213f1d8ebe71b41c106225633a7dc2-1280x854.jpg 1280w, https:\/\/thehandlebar.biz\/wp-content\/uploads\/2025\/10\/137a786207213f1d8ebe71b41c106225633a7dc2-980x654.jpg 980w, https:\/\/thehandlebar.biz\/wp-content\/uploads\/2025\/10\/137a786207213f1d8ebe71b41c106225633a7dc2-480x320.jpg 480w\" sizes=\"(min-width: 0px) and (max-width: 480px) 480px, (min-width: 481px) and (max-width: 980px) 980px, (min-width: 981px) and (max-width: 1280px) 1280px, (min-width: 1281px) 1440px, 100vw\" \/><\/figure>\n<\/div>\n\n\n\n<hr class=\"wp-block-separator alignwide has-text-color has-alpha-channel-opacity has-background is-style-wide\" style=\"margin-top:var(--wp--preset--spacing--50);margin-bottom:var(--wp--preset--spacing--50);background-color:#7b7b7b26;color:#7b7b7b26\">\n\n\n\n<div class=\"wp-block-columns alignwide is-layout-flex wp-container-core-columns-is-layout-bd0aba32 wp-block-columns-is-layout-flex\">\n<div class=\"wp-block-column is-layout-flow wp-block-column-is-layout-flow\">\n<div class=\"wp-block-group is-layout-constrained wp-block-group-is-layout-constrained\">\n<h3 class=\"wp-block-heading has-text-align-center\" style=\"font-size:1.25rem\">Personalisierte Geometrieanalyse des Fahrrads<\/h3>\n\n\n\n<p class=\"has-text-align-center has-small-font-size\" style=\"margin-top:8px\">Wir analysieren Ihre K\u00f6rperma\u00dfe und Ihren Fahrstil, um die Geometrie Ihres Fahrrads anzupassen und so Komfort und Kraft\u00fcbertragung zu maximieren.<\/p>\n<\/div>\n<\/div>\n\n\n\n<div class=\"wp-block-column is-layout-flow wp-block-column-is-layout-flow\">\n<div class=\"wp-block-group is-layout-constrained wp-block-group-is-layout-constrained\">\n<h3 class=\"wp-block-heading has-text-align-center\" style=\"font-size:1.25rem\">Optimierte Lenker- und Sattelpositionierung<\/h3>\n\n\n\n<p class=\"has-text-align-center has-small-font-size\" style=\"margin-top:8px\">Unsere Anpassungen reduzieren Belastungen und verbessern die Kontrolle, sodass Sie bei allen Fahrten eine optimale Haltung beibehalten k\u00f6nnen.<\/p>\n<\/div>\n<\/div>\n\n\n\n<div class=\"wp-block-column is-layout-flow wp-block-column-is-layout-flow\">\n<div class=\"wp-block-group is-layout-constrained wp-block-group-is-layout-constrained\">\n<h3 class=\"wp-block-heading has-text-align-center\" style=\"font-size:1.25rem\">Umfassende Fahrstilanalyse<\/h3>\n\n\n\n<p class=\"has-text-align-center has-small-font-size\" style=\"margin-top:8px\">Durch eine detaillierte Bewertung optimieren wir Ihre Einstellung, um die Effizienz zu steigern und Erm\u00fcdung zu reduzieren, wodurch jede Fahrt zu einem Spitzenerlebnis wird.<\/p>\n<\/div>\n<\/div>\n<\/div>\n<\/div>\n\n\n\n<div class=\"wp-block-group alignfull has-background-background-color has-background is-layout-constrained wp-container-core-group-is-layout-392eb801 wp-block-group-is-layout-constrained\" style=\"margin-top:0;margin-bottom:0;padding-top:var(--wp--preset--spacing--60);padding-right:var(--wp--preset--spacing--30);padding-bottom:var(--wp--preset--spacing--60);padding-left:var(--wp--preset--spacing--30)\">\n<div class=\"wp-block-group alignwide is-content-justification-center is-layout-constrained wp-block-group-is-layout-constrained\">\n<h2 class=\"wp-block-heading has-text-align-center has-large-font-size\">Unser Prozess<\/h2>\n\n\n\n<p class=\"has-text-align-center\" style=\"margin-top:16px\">Befolgen Sie unsere pr\u00e4zisen Bikefitting-Schritte, um Ihre Fahrt perfekt auf Komfort, Kraft und Ausdauer abzustimmen.<\/p>\n<\/div>\n\n\n\n<div class=\"wp-block-columns alignwide is-layout-flex wp-container-core-columns-is-layout-480729ec wp-block-columns-is-layout-flex\">\n<div class=\"wp-block-column is-layout-flow wp-block-column-is-layout-flow\">\n<figure class=\"wp-block-image aligncenter size-large wp-duotone-varpresetduotonesecondary-and-primary-1\"><img decoding=\"async\" src=\"data:image\/svg+xml;base64,PHN2ZyB4bWxucz0iaHR0cDovL3d3dy53My5vcmcvMjAwMC9zdmciIGhlaWdodD0iNDhweCIgdmlld0JveD0iMCAtOTYwIDk2MCA5NjAiIHdpZHRoPSI0OHB4IiBmaWxsPSIjMjcyNzI3Ij48cGF0aCBkPSJNMTQwLTE2MHEtMjQgMC00Mi0xOHQtMTgtNDJ2LTE2OWg2MHYxNjloNjgwdi01MjBIMTQwdjE3MUg4MHYtMTcxcTAtMjQgMTgtNDJ0NDItMThoNjgwcTI0IDAgNDIgMTh0MTggNDJ2NTIwcTAgMjQtMTggNDJ0LTQyIDE4SDE0MFptMzE5LTE0My00My00MyAxMDMtMTAzSDgwdi02MGg0MzlMNDE2LTYxMmw0My00MyAxNzYgMTc2LTE3NiAxNzZaIi8+PC9zdmc+\" alt=\"\"><\/figure>\n\n\n\n<h3 class=\"wp-block-heading has-text-align-center\" style=\"margin-top:24px;font-size:20px;line-height:1.5\">Schritt Eins: Erstbeurteilung<\/h3>\n\n\n\n<p class=\"has-text-align-center has-small-font-size\" style=\"margin-top:8px\">Wir beginnen mit einer detaillierten Bewertung Ihrer K\u00f6rperma\u00dfe, Fahrgewohnheiten und Radeinstellung, um Verbesserungspotenziale zu identifizieren.<\/p>\n<\/div>\n\n\n\n<div class=\"wp-block-column is-layout-flow wp-block-column-is-layout-flow\">\n<figure class=\"wp-block-image aligncenter size-large wp-duotone-varpresetduotonesecondary-and-primary-2\"><img decoding=\"async\" src=\"data:image\/svg+xml;base64,PHN2ZyB4bWxucz0iaHR0cDovL3d3dy53My5vcmcvMjAwMC9zdmciIGhlaWdodD0iNDhweCIgdmlld0JveD0iMCAtOTYwIDk2MCA5NjAiIHdpZHRoPSI0OHB4IiBmaWxsPSIjMjcyNzI3Ij48cGF0aCBkPSJNMjMwLTEyMHEtNjMgMC0xMDYuNS00My41VDgwLTI3MHEwLTYzIDQzLjUtMTA2LjVUMjMwLTQyMHE2MyAwIDEwNi41IDQzLjVUMzgwLTI3MHEwIDYzLTQzLjUgMTA2LjVUMjMwLTEyMFptNTAxIDBxLTYzIDAtMTA2LjUtNDMuNVQ1ODEtMjcwcTAtNjMgNDMuNS0xMDYuNVQ3MzEtNDIwcTYzIDAgMTA2LjUgNDMuNVQ4ODEtMjcwcTAgNjMtNDMuNSAxMDYuNVQ3MzEtMTIwWm0tNTAxLjA5LTYwcTM3LjA5IDAgNjMuNTktMjYuNDF0MjYuNS02My41cTAtMzcuMDktMjYuNDEtNjMuNTl0LTYzLjUtMjYuNXEtMzcuMDkgMC02My41OSAyNi40MXQtMjYuNSA2My41cTAgMzcuMDkgMjYuNDEgNjMuNTl0NjMuNSAyNi41Wm01MDEgMHEzNy4wOSAwIDYzLjU5LTI2LjQxdDI2LjUtNjMuNXEwLTM3LjA5LTI2LjQxLTYzLjU5dC02My41LTI2LjVxLTM3LjA5IDAtNjMuNTkgMjYuNDF0LTI2LjUgNjMuNXEwIDM3LjA5IDI2LjQxIDYzLjU5dDYzLjUgMjYuNVpNNDgxLTU0MXEtNjMgMC0xMDYuNS00My41VDMzMS02OTFxMC02MyA0My41LTEwNi41VDQ4MS04NDFxNjMgMCAxMDYuNSA0My41VDYzMS02OTFxMCA2My00My41IDEwNi41VDQ4MS01NDFabS0uMDktNjBxMzcuMDkgMCA2My41OS0yNi40MXQyNi41LTYzLjVxMC0zNy4wOS0yNi40MS02My41OXQtNjMuNS0yNi41cS0zNy4wOSAwLTYzLjU5IDI2LjQxdC0yNi41IDYzLjVxMCAzNy4wOSAyNi40MSA2My41OXQ2My41IDI2LjVabS4wOS05MFptMjUwIDQyMVptLTUwMSAwWiIvPjwvc3ZnPg==\" alt=\"\"><\/figure>\n\n\n\n<h3 class=\"wp-block-heading has-text-align-center\" style=\"margin-top:24px;font-size:20px;line-height:1.5\">Schritt zwei: Individuelle Anpassung<\/h3>\n\n\n\n<p class=\"has-text-align-center has-small-font-size\" style=\"margin-top:8px\">Als N\u00e4chstes nehmen wir eine Feinabstimmung der Komponenten und Positionierung Ihres Fahrrads vor, um sie an Ihre einzigartige Physiologie und Ihren Fahrstil anzupassen.<\/p>\n<\/div>\n\n\n\n<div class=\"wp-block-column is-layout-flow wp-block-column-is-layout-flow\">\n<figure class=\"wp-block-image aligncenter size-large wp-duotone-varpresetduotonesecondary-and-primary-3\"><img decoding=\"async\" src=\"data:image\/svg+xml;base64,PHN2ZyB4bWxucz0iaHR0cDovL3d3dy53My5vcmcvMjAwMC9zdmciIGhlaWdodD0iNDhweCIgdmlld0JveD0iMCAtOTYwIDk2MCA5NjAiIHdpZHRoPSI0OHB4IiBmaWxsPSIjMjcyNzI3Ij48cGF0aCBkPSJNNDgwLTgwcS04NSAwLTE1OC0zMC41VDE5NS0xOTVxLTU0LTU0LTg0LjUtMTI3VDgwLTQ4MHEwLTg0IDMwLjUtMTU3VDE5NS03NjRxNTQtNTQgMTI3LTg1dDE1OC0zMXE3NSAwIDE0MCAyNHQxMTcgNjZsLTQzIDQzcS00NC0zNS05OC01NHQtMTE2LTE5cS0xNDUgMC0yNDIuNSA5Ny41VDE0MC00ODBxMCAxNDUgOTcuNSAyNDIuNVQ0ODAtMTQwcTE0NSAwIDI0Mi41LTk3LjVUODIwLTQ4MHEwLTMwLTQuNS01OC41VDgwMi01OTRsNDYtNDZxMTYgMzcgMjQgNzd0OCA4M3EwIDg1LTMxIDE1OHQtODUgMTI3cS01NCA1NC0xMjcgODQuNVQ0ODAtODBabS01OS0yMThMMjU2LTQ2NGw0NS00NSAxMjAgMTIwIDQxNC00MTQgNDYgNDUtNDYwIDQ2MFoiLz48L3N2Zz4=\" alt=\"\"><\/figure>\n\n\n\n<h3 class=\"wp-block-heading has-text-align-center\" style=\"margin-top:24px;font-size:20px;line-height:1.5\">Schritt drei: Leistungsvalidierung<\/h3>\n\n\n\n<p class=\"has-text-align-center has-small-font-size\" style=\"margin-top:8px\">Abschlie\u00dfend \u00fcberpr\u00fcfen wir Ihr Bikefit durch Testfahrten und Feedback, um optimalen Komfort und eine verbesserte Radeffizienz zu gew\u00e4hrleisten.<\/p>\n<\/div>\n<\/div>\n\n\n\n<div class=\"wp-block-buttons is-content-justification-center is-layout-flex wp-container-core-buttons-is-layout-16018d1d wp-block-buttons-is-layout-flex\">\n<div class=\"wp-block-button is-style-fill\"><a class=\"wp-block-button__link wp-element-button\" href=\"#\">Mehr erfahren<\/a><\/div>\n<\/div>\n<\/div>\n\n\n\n<div class=\"wp-block-group alignfull has-tertiary-background-color has-background is-layout-constrained wp-container-core-group-is-layout-392eb801 wp-block-group-is-layout-constrained\" style=\"margin-top:0;margin-bottom:0;padding-top:var(--wp--preset--spacing--60);padding-right:var(--wp--preset--spacing--30);padding-bottom:var(--wp--preset--spacing--60);padding-left:var(--wp--preset--spacing--30)\">\n<div class=\"wp-block-group alignwide is-vertical is-layout-flex wp-container-core-group-is-layout-8cf370e7 wp-block-group-is-layout-flex\">\n<div class=\"wp-block-group is-layout-constrained wp-block-group-is-layout-constrained\">\n<h2 class=\"wp-block-heading has-large-font-size\">Fahrer-Testimonials und Feedback<\/h2>\n\n\n\n<p style=\"margin-top:16px\">H\u00f6ren Sie von Radfahrern, die ihre Fahrt mit unseren professionellen Bikefitting-Services ver\u00e4ndert haben und nun verbesserten Komfort und h\u00f6here Leistung genie\u00dfen.<\/p>\n<\/div>\n<\/div>\n\n\n\n<div class=\"wp-block-columns alignwide is-layout-flex wp-container-core-columns-is-layout-9d6595d7 wp-block-columns-is-layout-flex\">\n<div class=\"wp-block-column has-background-background-color has-background is-layout-flow wp-block-column-is-layout-flow\">\n<div class=\"wp-block-group is-layout-constrained wp-container-core-group-is-layout-6a81b5f5 wp-block-group-is-layout-constrained\" style=\"padding-top:var(--wp--preset--spacing--30);padding-right:24px;padding-bottom:var(--wp--preset--spacing--30);padding-left:24px\">\n<p>\u201eNach meiner Sitzung sp\u00fcrte ich sofort einen Unterschied in Komfort und Effizienz \u2013 ein echter Wendepunkt f\u00fcr mein Radfahren.\u201c<\/p>\n\n\n\n<div class=\"wp-block-group is-nowrap is-layout-flex wp-container-core-group-is-layout-9510437d wp-block-group-is-layout-flex\">\n<figure class=\"wp-block-image aligncenter is-style-rounded\"><img loading=\"lazy\" decoding=\"async\" width=\"64\" height=\"64\" class=\"wp-image-1215\" src=\"https:\/\/thehandlebar.biz\/wp-content\/uploads\/2025\/10\/0a49eda1a672a16a081a8c48174d1c1d0b0a03cd.jpg\" alt=\"\" style=\"aspect-ratio:1;object-fit:cover\"><\/figure>\n\n\n\n<div class=\"wp-block-group is-layout-constrained wp-block-group-is-layout-constrained\">\n<h4 class=\"wp-block-heading has-small-font-size\">Emma Johnson<\/h4>\n\n\n\n<p class=\"has-small-font-size\" style=\"margin-top:2px\">Wettkampf-Rennradfahrerin<\/p>\n<\/div>\n<\/div>\n<\/div>\n<\/div>\n\n\n\n<div class=\"wp-block-column has-background-background-color has-background is-layout-flow wp-block-column-is-layout-flow\">\n<div class=\"wp-block-group is-layout-constrained wp-container-core-group-is-layout-6a81b5f5 wp-block-group-is-layout-constrained\" style=\"padding-top:var(--wp--preset--spacing--30);padding-right:24px;padding-bottom:var(--wp--preset--spacing--30);padding-left:24px\">\n<p>\u201eDie Detailgenauigkeit und das fundierte Wissen des Teams machten mein Bikefitting-Erlebnis reibungslos und \u00e4u\u00dferst effektiv.\u201c<\/p>\n\n\n\n<div class=\"wp-block-group is-nowrap is-layout-flex wp-container-core-group-is-layout-9510437d wp-block-group-is-layout-flex\">\n<figure class=\"wp-block-image aligncenter is-style-rounded\"><img loading=\"lazy\" decoding=\"async\" width=\"64\" height=\"64\" class=\"wp-image-1214\" src=\"https:\/\/thehandlebar.biz\/wp-content\/uploads\/2025\/10\/cbea7e72c057fcd884fcb2541878e889b1236ed0.jpg\" alt=\"\" style=\"aspect-ratio:1;object-fit:cover\"><\/figure>\n\n\n\n<div class=\"wp-block-group is-layout-constrained wp-block-group-is-layout-constrained\">\n<h4 class=\"wp-block-heading has-small-font-size\">Liam Garcia<\/h4>\n\n\n\n<p class=\"has-small-font-size\" style=\"margin-top:2px\">Triathlon-Enthusiast<\/p>\n<\/div>\n<\/div>\n<\/div>\n<\/div>\n\n\n\n<div class=\"wp-block-column has-background-background-color has-background is-layout-flow wp-block-column-is-layout-flow\">\n<div class=\"wp-block-group is-layout-constrained wp-container-core-group-is-layout-6a81b5f5 wp-block-group-is-layout-constrained\" style=\"padding-top:var(--wp--preset--spacing--30);padding-right:24px;padding-bottom:var(--wp--preset--spacing--30);padding-left:24px\">\n<p>\u201eIhr personalisierter Ansatz sorgte daf\u00fcr, dass mein Fahrrad perfekt zu meinem Fahrstil passt \u2013 Komfort und Geschwindigkeit haben sich sp\u00fcrbar verbessert.\u201c<\/p>\n\n\n\n<div class=\"wp-block-group is-nowrap is-layout-flex wp-container-core-group-is-layout-9510437d wp-block-group-is-layout-flex\">\n<figure class=\"wp-block-image aligncenter is-style-rounded\"><img loading=\"lazy\" decoding=\"async\" width=\"64\" height=\"64\" class=\"wp-image-1213\" src=\"https:\/\/thehandlebar.biz\/wp-content\/uploads\/2025\/10\/53ae4fa5fb3dff0a42931a299d4ef29d1634d968.jpg\" alt=\"\" style=\"aspect-ratio:1;object-fit:cover\"><\/figure>\n\n\n\n<div class=\"wp-block-group is-layout-constrained wp-block-group-is-layout-constrained\">\n<h4 class=\"wp-block-heading has-small-font-size\">Sophia Lee<\/h4>\n\n\n\n<p class=\"has-small-font-size\" style=\"margin-top:2px\">Mountainbikerin und Trainerin<\/p>\n<\/div>\n<\/div>\n<\/div>\n<\/div>\n<\/div>\n<\/div>\n\n\n\n<div class=\"wp-block-group alignfull has-background-background-color has-background is-layout-constrained wp-container-core-group-is-layout-47a6ea52 wp-block-group-is-layout-constrained\" style=\"margin-top:0;margin-bottom:0;padding-top:var(--wp--preset--spacing--60);padding-right:var(--wp--preset--spacing--30);padding-bottom:var(--wp--preset--spacing--60);padding-left:var(--wp--preset--spacing--30)\">\n<div class=\"wp-block-media-text alignwide has-media-on-the-right is-stacked-on-mobile is-vertically-aligned-center is-image-fill-element\" style=\"padding-right:0;padding-left:0;grid-template-columns:auto 40%\"><div class=\"wp-block-media-text__content\">\n<div class=\"wp-block-group is-content-justification-left is-layout-constrained wp-container-core-group-is-layout-9a0c8d9f wp-block-group-is-layout-constrained\" style=\"padding-top:var(--wp--preset--spacing--30);padding-right:0;padding-bottom:var(--wp--preset--spacing--30);padding-left:0\">\n<h2 class=\"wp-block-heading has-large-font-size\">Optimieren Sie Ihre Fahrt mit professionellem Bikefitting<\/h2>\n\n\n\n<p style=\"margin-top:16px\">Erleben Sie eine ma\u00dfgeschneiderte Radeinstellung, die Komfort, Kraft und Ausdauer verbessert \u2013 buchen Sie Ihr Fitting noch heute.<\/p>\n\n\n\n<ul style=\"line-height:2\" class=\"wp-block-list has-small-font-size\">\n<li>Personalisierte K\u00f6rperausrichtungsanalyse<\/li>\n\n\n\n<li>Individuelle Fahrradpositionierung f\u00fcr Effizienz<\/li>\n\n\n\n<li>Haltungsoptimierung zur Verletzungspr\u00e4vention<\/li>\n\n\n\n<li>Verbesserter Komfort f\u00fcr lange Fahrten<\/li>\n\n\n\n<li>Leistungssteigerung in allen Disziplinen<\/li>\n<\/ul>\n\n\n\n<div class=\"wp-block-buttons is-layout-flex wp-block-buttons-is-layout-flex\" style=\"margin-top:var(--wp--preset--spacing--40)\">\n<div class=\"wp-block-button\"><a class=\"wp-block-button__link wp-element-button\" href=\"#\">Entdecken Sie unsere Services<\/a><\/div>\n<\/div>\n<\/div>\n<\/div><figure class=\"wp-block-media-text__media\"><img loading=\"lazy\" decoding=\"async\" width=\"1440\" height=\"960\" class=\"wp-image-1253 size-full\" src=\"https:\/\/thehandlebar.biz\/wp-content\/uploads\/2025\/10\/a048e7020e700e7152ae977d4fd000588a3951dd.jpg\" alt=\"\" style=\"object-position:50% 50%\" srcset=\"https:\/\/thehandlebar.biz\/wp-content\/uploads\/2025\/10\/a048e7020e700e7152ae977d4fd000588a3951dd.jpg 1440w, https:\/\/thehandlebar.biz\/wp-content\/uploads\/2025\/10\/a048e7020e700e7152ae977d4fd000588a3951dd-1280x853.jpg 1280w, https:\/\/thehandlebar.biz\/wp-content\/uploads\/2025\/10\/a048e7020e700e7152ae977d4fd000588a3951dd-980x653.jpg 980w, https:\/\/thehandlebar.biz\/wp-content\/uploads\/2025\/10\/a048e7020e700e7152ae977d4fd000588a3951dd-480x320.jpg 480w\" sizes=\"(min-width: 0px) and (max-width: 480px) 480px, (min-width: 481px) and (max-width: 980px) 980px, (min-width: 981px) and (max-width: 1280px) 1280px, (min-width: 1281px) 1440px, 100vw\" \/><\/figure><\/div>\n<\/div>\n\n\n\n<div class=\"wp-block-group alignfull has-tertiary-background-color has-background is-layout-constrained wp-container-core-group-is-layout-512a02c9 wp-block-group-is-layout-constrained\" style=\"margin-top:0;margin-bottom:0;padding-top:var(--wp--preset--spacing--60);padding-right:var(--wp--preset--spacing--30);padding-bottom:var(--wp--preset--spacing--60);padding-left:var(--wp--preset--spacing--30)\">\n<div class=\"wp-block-group alignwide is-content-justification-center is-layout-constrained wp-block-group-is-layout-constrained\">\n<h2 class=\"wp-block-heading has-text-align-center has-large-font-size\">Steigern Sie Ihre Radfahrleistung durch pr\u00e4zises Bikefitting<\/h2>\n\n\n\n<p class=\"has-text-align-center\" style=\"margin-top:16px\">Erfahren Sie, wie unsere professionellen Bikefitting-Services g\u00e4ngige Beschwerden und Ineffizienzen beheben und jedem Radfahrer eine ma\u00dfgeschneiderte Fahrt erm\u00f6glichen.<\/p>\n<\/div>\n\n\n\n<div class=\"wp-block-group alignwide is-layout-constrained wp-container-core-group-is-layout-27607966 wp-block-group-is-layout-constrained\">\n<figure class=\"wp-block-image\"><img loading=\"lazy\" decoding=\"async\" width=\"1440\" height=\"961\" class=\"wp-image-1254\" src=\"https:\/\/thehandlebar.biz\/wp-content\/uploads\/2025\/10\/137a786207213f1d8ebe71b41c106225633a7dc2.jpg\" alt=\"\" style=\"aspect-ratio:16\/9;object-fit:cover\" srcset=\"https:\/\/thehandlebar.biz\/wp-content\/uploads\/2025\/10\/137a786207213f1d8ebe71b41c106225633a7dc2.jpg 1440w, https:\/\/thehandlebar.biz\/wp-content\/uploads\/2025\/10\/137a786207213f1d8ebe71b41c106225633a7dc2-1280x854.jpg 1280w, https:\/\/thehandlebar.biz\/wp-content\/uploads\/2025\/10\/137a786207213f1d8ebe71b41c106225633a7dc2-980x654.jpg 980w, https:\/\/thehandlebar.biz\/wp-content\/uploads\/2025\/10\/137a786207213f1d8ebe71b41c106225633a7dc2-480x320.jpg 480w\" sizes=\"(min-width: 0px) and (max-width: 480px) 480px, (min-width: 481px) and (max-width: 980px) 980px, (min-width: 981px) and (max-width: 1280px) 1280px, (min-width: 1281px) 1440px, 100vw\" \/><\/figure>\n<\/div>\n\n\n\n<hr class=\"wp-block-separator alignwide has-text-color has-alpha-channel-opacity has-background is-style-wide\" style=\"margin-top:var(--wp--preset--spacing--50);margin-bottom:var(--wp--preset--spacing--50);background-color:#7b7b7b26;color:#7b7b7b26\">\n\n\n\n<div class=\"wp-block-columns alignwide is-layout-flex wp-container-core-columns-is-layout-bd0aba32 wp-block-columns-is-layout-flex\">\n<div class=\"wp-block-column is-layout-flow wp-block-column-is-layout-flow\">\n<div class=\"wp-block-group is-layout-constrained wp-block-group-is-layout-constrained\">\n<h3 class=\"wp-block-heading has-text-align-center\" style=\"font-size:1.25rem\">Personalisierte Geometrieanalyse des Fahrrads<\/h3>\n\n\n\n<p class=\"has-text-align-center has-small-font-size\" style=\"margin-top:8px\">Wir analysieren Ihre K\u00f6rperma\u00dfe und Ihren Fahrstil, um die Geometrie Ihres Fahrrads anzupassen und so Komfort und Kraft\u00fcbertragung zu maximieren.<\/p>\n<\/div>\n<\/div>\n\n\n\n<div class=\"wp-block-column is-layout-flow wp-block-column-is-layout-flow\">\n<div class=\"wp-block-group is-layout-constrained wp-block-group-is-layout-constrained\">\n<h3 class=\"wp-block-heading has-text-align-center\" style=\"font-size:1.25rem\">Optimierte Lenker- und Sattelpositionierung<\/h3>\n\n\n\n<p class=\"has-text-align-center has-small-font-size\" style=\"margin-top:8px\">Unsere Anpassungen reduzieren Belastungen und verbessern die Kontrolle, sodass Sie bei allen Fahrten eine optimale Haltung beibehalten k\u00f6nnen.<\/p>\n<\/div>\n<\/div>\n\n\n\n<div class=\"wp-block-column is-layout-flow wp-block-column-is-layout-flow\">\n<div class=\"wp-block-group is-layout-constrained wp-block-group-is-layout-constrained\">\n<h3 class=\"wp-block-heading has-text-align-center\" style=\"font-size:1.25rem\">Umfassende Fahrstilanalyse<\/h3>\n\n\n\n<p class=\"has-text-align-center has-small-font-size\" style=\"margin-top:8px\">Durch eine detaillierte Bewertung optimieren wir Ihre Einstellung, um die Effizienz zu steigern und Erm\u00fcdung zu reduzieren, wodurch jede Fahrt zu einem Spitzenerlebnis wird.<\/p>\n<\/div>\n<\/div>\n<\/div>\n<\/div>\n\n\n\n<div class=\"wp-block-group alignfull has-background-background-color has-background is-layout-constrained wp-container-core-group-is-layout-392eb801 wp-block-group-is-layout-constrained\" style=\"margin-top:0;margin-bottom:0;padding-top:var(--wp--preset--spacing--60);padding-right:var(--wp--preset--spacing--30);padding-bottom:var(--wp--preset--spacing--60);padding-left:var(--wp--preset--spacing--30)\">\n<div class=\"wp-block-group alignwide is-content-justification-center is-layout-constrained wp-block-group-is-layout-constrained\">\n<h2 class=\"wp-block-heading has-text-align-center has-large-font-size\">Unser Prozess<\/h2>\n\n\n\n<p class=\"has-text-align-center\" style=\"margin-top:16px\">Befolgen Sie unsere pr\u00e4zisen Bikefitting-Schritte, um Ihre Fahrt perfekt auf Komfort, Kraft und Ausdauer abzustimmen.<\/p>\n<\/div>\n\n\n\n<div class=\"wp-block-columns alignwide is-layout-flex wp-container-core-columns-is-layout-480729ec wp-block-columns-is-layout-flex\">\n<div class=\"wp-block-column is-layout-flow wp-block-column-is-layout-flow\">\n<figure class=\"wp-block-image aligncenter size-large wp-duotone-varpresetduotonesecondary-and-primary-4\"><img decoding=\"async\" src=\"data:image\/svg+xml;base64,PHN2ZyB4bWxucz0iaHR0cDovL3d3dy53My5vcmcvMjAwMC9zdmciIGhlaWdodD0iNDhweCIgdmlld0JveD0iMCAtOTYwIDk2MCA5NjAiIHdpZHRoPSI0OHB4IiBmaWxsPSIjMjcyNzI3Ij48cGF0aCBkPSJNMTQwLTE2MHEtMjQgMC00Mi0xOHQtMTgtNDJ2LTE2OWg2MHYxNjloNjgwdi01MjBIMTQwdjE3MUg4MHYtMTcxcTAtMjQgMTgtNDJ0NDItMThoNjgwcTI0IDAgNDIgMTh0MTggNDJ2NTIwcTAgMjQtMTggNDJ0LTQyIDE4SDE0MFptMzE5LTE0My00My00MyAxMDMtMTAzSDgwdi02MGg0MzlMNDE2LTYxMmw0My00MyAxNzYgMTc2LTE3NiAxNzZaIi8+PC9zdmc+\" alt=\"\"><\/figure>\n\n\n\n<h3 class=\"wp-block-heading has-text-align-center\" style=\"margin-top:24px;font-size:20px;line-height:1.5\">Schritt Eins: Erstbeurteilung<\/h3>\n\n\n\n<p class=\"has-text-align-center has-small-font-size\" style=\"margin-top:8px\">Wir beginnen mit einer detaillierten Bewertung Ihrer K\u00f6rperma\u00dfe, Fahrgewohnheiten und Radeinstellung, um Verbesserungspotenziale zu identifizieren.<\/p>\n<\/div>\n\n\n\n<div class=\"wp-block-column is-layout-flow wp-block-column-is-layout-flow\">\n<figure class=\"wp-block-image aligncenter size-large wp-duotone-varpresetduotonesecondary-and-primary-5\"><img decoding=\"async\" src=\"data:image\/svg+xml;base64,PHN2ZyB4bWxucz0iaHR0cDovL3d3dy53My5vcmcvMjAwMC9zdmciIGhlaWdodD0iNDhweCIgdmlld0JveD0iMCAtOTYwIDk2MCA5NjAiIHdpZHRoPSI0OHB4IiBmaWxsPSIjMjcyNzI3Ij48cGF0aCBkPSJNMjMwLTEyMHEtNjMgMC0xMDYuNS00My41VDgwLTI3MHEwLTYzIDQzLjUtMTA2LjVUMjMwLTQyMHE2MyAwIDEwNi41IDQzLjVUMzgwLTI3MHEwIDYzLTQzLjUgMTA2LjVUMjMwLTEyMFptNTAxIDBxLTYzIDAtMTA2LjUtNDMuNVQ1ODEtMjcwcTAtNjMgNDMuNS0xMDYuNVQ3MzEtNDIwcTYzIDAgMTA2LjUgNDMuNVQ4ODEtMjcwcTAgNjMtNDMuNSAxMDYuNVQ3MzEtMTIwWm0tNTAxLjA5LTYwcTM3LjA5IDAgNjMuNTktMjYuNDF0MjYuNS02My41cTAtMzcuMDktMjYuNDEtNjMuNTl0LTYzLjUtMjYuNXEtMzcuMDkgMC02My41OSAyNi40MXQtMjYuNSA2My41cTAgMzcuMDkgMjYuNDEgNjMuNTl0NjMuNSAyNi41Wm01MDEgMHEzNy4wOSAwIDYzLjU5LTI2LjQxdDI2LjUtNjMuNXEwLTM3LjA5LTI2LjQxLTYzLjU5dC02My41LTI2LjVxLTM3LjA5IDAtNjMuNTkgMjYuNDF0LTI2LjUgNjMuNXEwIDM3LjA5IDI2LjQxIDYzLjU5dDYzLjUgMjYuNVpNNDgxLTU0MXEtNjMgMC0xMDYuNS00My41VDMzMS02OTFxMC02MyA0My41LTEwNi41VDQ4MS04NDFxNjMgMCAxMDYuNSA0My41VDYzMS02OTFxMCA2My00My41IDEwNi41VDQ4MS01NDFabS0uMDktNjBxMzcuMDkgMCA2My41OS0yNi40MXQyNi41LTYzLjVxMC0zNy4wOS0yNi40MS02My41OXQtNjMuNS0yNi41cS0zNy4wOSAwLTYzLjU5IDI2LjQxdC0yNi41IDYzLjVxMCAzNy4wOSAyNi40MSA2My41OXQ2My41IDI2LjVabS4wOS05MFptMjUwIDQyMVptLTUwMSAwWiIvPjwvc3ZnPg==\" alt=\"\"><\/figure>\n\n\n\n<h3 class=\"wp-block-heading has-text-align-center\" style=\"margin-top:24px;font-size:20px;line-height:1.5\">Schritt zwei: Individuelle Anpassung<\/h3>\n\n\n\n<p class=\"has-text-align-center has-small-font-size\" style=\"margin-top:8px\">Als N\u00e4chstes nehmen wir eine Feinabstimmung der Komponenten und Positionierung Ihres Fahrrads vor, um sie an Ihre einzigartige Physiologie und Ihren Fahrstil anzupassen.<\/p>\n<\/div>\n\n\n\n<div class=\"wp-block-column is-layout-flow wp-block-column-is-layout-flow\">\n<figure class=\"wp-block-image aligncenter size-large wp-duotone-varpresetduotonesecondary-and-primary-6\"><img decoding=\"async\" src=\"data:image\/svg+xml;base64,PHN2ZyB4bWxucz0iaHR0cDovL3d3dy53My5vcmcvMjAwMC9zdmciIGhlaWdodD0iNDhweCIgdmlld0JveD0iMCAtOTYwIDk2MCA5NjAiIHdpZHRoPSI0OHB4IiBmaWxsPSIjMjcyNzI3Ij48cGF0aCBkPSJNNDgwLTgwcS04NSAwLTE1OC0zMC41VDE5NS0xOTVxLTU0LTU0LTg0LjUtMTI3VDgwLTQ4MHEwLTg0IDMwLjUtMTU3VDE5NS03NjRxNTQtNTQgMTI3LTg1dDE1OC0zMXE3NSAwIDE0MCAyNHQxMTcgNjZsLTQzIDQzcS00NC0zNS05OC01NHQtMTE2LTE5cS0xNDUgMC0yNDIuNSA5Ny41VDE0MC00ODBxMCAxNDUgOTcuNSAyNDIuNVQ0ODAtMTQwcTE0NSAwIDI0Mi41LTk3LjVUODIwLTQ4MHEwLTMwLTQuNS01OC41VDgwMi01OTRsNDYtNDZxMTYgMzcgMjQgNzd0OCA4M3EwIDg1LTMxIDE1OHQtODUgMTI3cS01NCA1NC0xMjcgODQuNVQ0ODAtODBabS01OS0yMThMMjU2LTQ2NGw0NS00NSAxMjAgMTIwIDQxNC00MTQgNDYgNDUtNDYwIDQ2MFoiLz48L3N2Zz4=\" alt=\"\"><\/figure>\n\n\n\n<h3 class=\"wp-block-heading has-text-align-center\" style=\"margin-top:24px;font-size:20px;line-height:1.5\">Schritt drei: Leistungsvalidierung<\/h3>\n\n\n\n<p class=\"has-text-align-center has-small-font-size\" style=\"margin-top:8px\">Abschlie\u00dfend \u00fcberpr\u00fcfen wir Ihr Bikefit durch Testfahrten und Feedback, um optimalen Komfort und eine verbesserte Radeffizienz zu gew\u00e4hrleisten.<\/p>\n<\/div>\n<\/div>\n\n\n\n<div class=\"wp-block-buttons is-content-justification-center is-layout-flex wp-container-core-buttons-is-layout-16018d1d wp-block-buttons-is-layout-flex\">\n<div class=\"wp-block-button is-style-fill\"><a class=\"wp-block-button__link wp-element-button\" href=\"#\">Mehr erfahren<\/a><\/div>\n<\/div>\n<\/div>\n\n\n\n<div class=\"wp-block-group alignfull has-tertiary-background-color has-background is-layout-constrained wp-container-core-group-is-layout-392eb801 wp-block-group-is-layout-constrained\" style=\"margin-top:0;margin-bottom:0;padding-top:var(--wp--preset--spacing--60);padding-right:var(--wp--preset--spacing--30);padding-bottom:var(--wp--preset--spacing--60);padding-left:var(--wp--preset--spacing--30)\">\n<div class=\"wp-block-group alignwide is-vertical is-layout-flex wp-container-core-group-is-layout-8cf370e7 wp-block-group-is-layout-flex\">\n<div class=\"wp-block-group is-layout-constrained wp-block-group-is-layout-constrained\">\n<h2 class=\"wp-block-heading has-large-font-size\">Fahrer-Testimonials und Feedback<\/h2>\n\n\n\n<p style=\"margin-top:16px\">H\u00f6ren Sie von Radfahrern, die ihre Fahrt mit unseren professionellen Bikefitting-Services ver\u00e4ndert haben und nun verbesserten Komfort und h\u00f6here Leistung genie\u00dfen.<\/p>\n<\/div>\n<\/div>\n\n\n\n<div class=\"wp-block-columns alignwide is-layout-flex wp-container-core-columns-is-layout-9d6595d7 wp-block-columns-is-layout-flex\">\n<div class=\"wp-block-column has-background-background-color has-background is-layout-flow wp-block-column-is-layout-flow\">\n<div class=\"wp-block-group is-layout-constrained wp-container-core-group-is-layout-6a81b5f5 wp-block-group-is-layout-constrained\" style=\"padding-top:var(--wp--preset--spacing--30);padding-right:24px;padding-bottom:var(--wp--preset--spacing--30);padding-left:24px\">\n<p>\u201eNach meiner Sitzung sp\u00fcrte ich sofort einen Unterschied in Komfort und Effizienz \u2013 ein echter Wendepunkt f\u00fcr mein Radfahren.\u201c<\/p>\n\n\n\n<div class=\"wp-block-group is-nowrap is-layout-flex wp-container-core-group-is-layout-9510437d wp-block-group-is-layout-flex\">\n<figure class=\"wp-block-image aligncenter is-style-rounded\"><img loading=\"lazy\" decoding=\"async\" width=\"64\" height=\"64\" class=\"wp-image-1215\" src=\"https:\/\/thehandlebar.biz\/wp-content\/uploads\/2025\/10\/0a49eda1a672a16a081a8c48174d1c1d0b0a03cd.jpg\" alt=\"\" style=\"aspect-ratio:1;object-fit:cover\"><\/figure>\n\n\n\n<div class=\"wp-block-group is-layout-constrained wp-block-group-is-layout-constrained\">\n<h4 class=\"wp-block-heading has-small-font-size\">Emma Johnson<\/h4>\n\n\n\n<p class=\"has-small-font-size\" style=\"margin-top:2px\">Wettkampf-Rennradfahrerin<\/p>\n<\/div>\n<\/div>\n<\/div>\n<\/div>\n\n\n\n<div class=\"wp-block-column has-background-background-color has-background is-layout-flow wp-block-column-is-layout-flow\">\n<div class=\"wp-block-group is-layout-constrained wp-container-core-group-is-layout-6a81b5f5 wp-block-group-is-layout-constrained\" style=\"padding-top:var(--wp--preset--spacing--30);padding-right:24px;padding-bottom:var(--wp--preset--spacing--30);padding-left:24px\">\n<p>\u201eDie Detailgenauigkeit und das fundierte Wissen des Teams machten mein Bikefitting-Erlebnis reibungslos und \u00e4u\u00dferst effektiv.\u201c<\/p>\n\n\n\n<div class=\"wp-block-group is-nowrap is-layout-flex wp-container-core-group-is-layout-9510437d wp-block-group-is-layout-flex\">\n<figure class=\"wp-block-image aligncenter is-style-rounded\"><img loading=\"lazy\" decoding=\"async\" width=\"64\" height=\"64\" class=\"wp-image-1214\" src=\"https:\/\/thehandlebar.biz\/wp-content\/uploads\/2025\/10\/cbea7e72c057fcd884fcb2541878e889b1236ed0.jpg\" alt=\"\" style=\"aspect-ratio:1;object-fit:cover\"><\/figure>\n\n\n\n<div class=\"wp-block-group is-layout-constrained wp-block-group-is-layout-constrained\">\n<h4 class=\"wp-block-heading has-small-font-size\">Liam Garcia<\/h4>\n\n\n\n<p class=\"has-small-font-size\" style=\"margin-top:2px\">Triathlon-Enthusiast<\/p>\n<\/div>\n<\/div>\n<\/div>\n<\/div>\n\n\n\n<div class=\"wp-block-column has-background-background-color has-background is-layout-flow wp-block-column-is-layout-flow\">\n<div class=\"wp-block-group is-layout-constrained wp-container-core-group-is-layout-6a81b5f5 wp-block-group-is-layout-constrained\" style=\"padding-top:var(--wp--preset--spacing--30);padding-right:24px;padding-bottom:var(--wp--preset--spacing--30);padding-left:24px\">\n<p>\u201eIhr personalisierter Ansatz sorgte daf\u00fcr, dass mein Fahrrad perfekt zu meinem Fahrstil passt \u2013 Komfort und Geschwindigkeit haben sich sp\u00fcrbar verbessert.\u201c<\/p>\n\n\n\n<div class=\"wp-block-group is-nowrap is-layout-flex wp-container-core-group-is-layout-9510437d wp-block-group-is-layout-flex\">\n<figure class=\"wp-block-image aligncenter is-style-rounded\"><img loading=\"lazy\" decoding=\"async\" width=\"64\" height=\"64\" class=\"wp-image-1213\" src=\"https:\/\/thehandlebar.biz\/wp-content\/uploads\/2025\/10\/53ae4fa5fb3dff0a42931a299d4ef29d1634d968.jpg\" alt=\"\" style=\"aspect-ratio:1;object-fit:cover\"><\/figure>\n\n\n\n<div class=\"wp-block-group is-layout-constrained wp-block-group-is-layout-constrained\">\n<h4 class=\"wp-block-heading has-small-font-size\">Sophia Lee<\/h4>\n\n\n\n<p class=\"has-small-font-size\" style=\"margin-top:2px\">Mountainbikerin und Trainerin<\/p>\n<\/div>\n<\/div>\n<\/div>\n<\/div>\n<\/div>\n<\/div>\n\n\n\n<div class=\"wp-block-group alignfull has-background-background-color has-background is-layout-constrained wp-container-core-group-is-layout-47a6ea52 wp-block-group-is-layout-constrained\" style=\"margin-top:0;margin-bottom:0;padding-top:var(--wp--preset--spacing--60);padding-right:var(--wp--preset--spacing--30);padding-bottom:var(--wp--preset--spacing--60);padding-left:var(--wp--preset--spacing--30)\">\n<div class=\"wp-block-media-text alignwide has-media-on-the-right is-stacked-on-mobile is-vertically-aligned-center is-image-fill-element\" style=\"padding-right:0;padding-left:0;grid-template-columns:auto 40%\"><div class=\"wp-block-media-text__content\">\n<div class=\"wp-block-group is-content-justification-left is-layout-constrained wp-container-core-group-is-layout-9a0c8d9f wp-block-group-is-layout-constrained\" style=\"padding-top:var(--wp--preset--spacing--30);padding-right:0;padding-bottom:var(--wp--preset--spacing--30);padding-left:0\">\n<h2 class=\"wp-block-heading has-large-font-size\">Optimieren Sie Ihre Fahrt mit professionellem Bikefitting<\/h2>\n\n\n\n<p style=\"margin-top:16px\">Erleben Sie eine ma\u00dfgeschneiderte Radeinstellung, die Komfort, Kraft und Ausdauer verbessert \u2013 buchen Sie Ihr Fitting noch heute.<\/p>\n\n\n\n<ul style=\"line-height:2\" class=\"wp-block-list has-small-font-size\">\n<li>Personalisierte K\u00f6rperausrichtungsanalyse<\/li>\n\n\n\n<li>Individuelle Fahrradpositionierung f\u00fcr Effizienz<\/li>\n\n\n\n<li>Haltungsoptimierung zur Verletzungspr\u00e4vention<\/li>\n\n\n\n<li>Verbesserter Komfort f\u00fcr lange Fahrten<\/li>\n\n\n\n<li>Leistungssteigerung in allen Disziplinen<\/li>\n<\/ul>\n\n\n\n<div class=\"wp-block-buttons is-layout-flex wp-block-buttons-is-layout-flex\" style=\"margin-top:var(--wp--preset--spacing--40)\">\n<div class=\"wp-block-button\"><a class=\"wp-block-button__link wp-element-button\" href=\"#\">Entdecken Sie unsere Services<\/a><\/div>\n<\/div>\n<\/div>\n<\/div><figure class=\"wp-block-media-text__media\"><img loading=\"lazy\" decoding=\"async\" width=\"1440\" height=\"960\" class=\"wp-image-1253 size-full\" src=\"https:\/\/thehandlebar.biz\/wp-content\/uploads\/2025\/10\/a048e7020e700e7152ae977d4fd000588a3951dd.jpg\" alt=\"\" style=\"object-position:50% 50%\" srcset=\"https:\/\/thehandlebar.biz\/wp-content\/uploads\/2025\/10\/a048e7020e700e7152ae977d4fd000588a3951dd.jpg 1440w, https:\/\/thehandlebar.biz\/wp-content\/uploads\/2025\/10\/a048e7020e700e7152ae977d4fd000588a3951dd-1280x853.jpg 1280w, https:\/\/thehandlebar.biz\/wp-content\/uploads\/2025\/10\/a048e7020e700e7152ae977d4fd000588a3951dd-980x653.jpg 980w, https:\/\/thehandlebar.biz\/wp-content\/uploads\/2025\/10\/a048e7020e700e7152ae977d4fd000588a3951dd-480x320.jpg 480w\" sizes=\"(min-width: 0px) and (max-width: 480px) 480px, (min-width: 481px) and (max-width: 980px) 980px, (min-width: 981px) and (max-width: 1280px) 1280px, (min-width: 1281px) 1440px, 100vw\" \/><\/figure><\/div>\n<\/div>\n[\/et_pb_text][\/et_pb_column]\n\t\t\t[\/et_pb_row]\n\t\t[\/et_pb_section]","protected":false},"excerpt":{"rendered":"<p>Professionelle Bikefitting-L\u00f6sungen Entdecken Sie unsere umfassenden Bikefitting-Services, die pr\u00e4zise und sorgf\u00e4ltig darauf ausgelegt sind, Ihren Komfort, Ihre Effizienz und Ihre Radfahrleistung zu verbessern. Individuelle Radeinstellung Personalisierte Anpassungen, um Ihr Fahrrad perfekt auf Ihren K\u00f6rper und Fahrstil abzustimmen und so maximalen Komfort zu gew\u00e4hrleisten. Haltungsanalyse Detaillierte Analyse Ihrer Fahrhaltung zur Verbesserung der Ausdauer und zur Vermeidung [&hellip;]<\/p>\n","protected":false},"author":1,"featured_media":0,"parent":0,"menu_order":0,"comment_status":"closed","ping_status":"closed","template":"","meta":{"_et_pb_use_builder":"on","_et_pb_old_content":"","_et_gb_content_width":"","footnotes":""},"class_list":["post-2290","page","type-page","status-publish","hentry"],"_links":{"self":[{"href":"https:\/\/thehandlebar.biz\/de\/wp-json\/wp\/v2\/pages\/2290","targetHints":{"allow":["GET"]}}],"collection":[{"href":"https:\/\/thehandlebar.biz\/de\/wp-json\/wp\/v2\/pages"}],"about":[{"href":"https:\/\/thehandlebar.biz\/de\/wp-json\/wp\/v2\/types\/page"}],"author":[{"embeddable":true,"href":"https:\/\/thehandlebar.biz\/de\/wp-json\/wp\/v2\/users\/1"}],"replies":[{"embeddable":true,"href":"https:\/\/thehandlebar.biz\/de\/wp-json\/wp\/v2\/comments?post=2290"}],"version-history":[{"count":0,"href":"https:\/\/thehandlebar.biz\/de\/wp-json\/wp\/v2\/pages\/2290\/revisions"}],"wp:attachment":[{"href":"https:\/\/thehandlebar.biz\/de\/wp-json\/wp\/v2\/media?parent=2290"}],"curies":[{"name":"wp","href":"https:\/\/api.w.org\/{rel}","templated":true}]}}